{"id":17574,"date":"2025-02-05T13:34:33","date_gmt":"2025-02-05T12:34:33","guid":{"rendered":"https:\/\/www.eapncv.org\/trobades-de-participacio\/"},"modified":"2025-09-04T11:12:52","modified_gmt":"2025-09-04T09:12:52","slug":"trobades-de-participacio","status":"publish","type":"page","link":"https:\/\/www.eapncv.org\/ca-val\/documents\/trobades-de-participacio\/","title":{"rendered":"TROBADES DE PARTICIPACI\u00d3"},"content":{"rendered":"<p>[et_pb_section fb_built=&#8221;1&#8243; _builder_version=&#8221;4.27.4&#8243; _module_preset=&#8221;default&#8221; custom_padding=&#8221;25px||25px||false|false&#8221; global_colors_info=&#8221;{}&#8221;][et_pb_row _builder_version=&#8221;4.16&#8243; _module_preset=&#8221;default&#8221; collapsed=&#8221;on&#8221; global_colors_info=&#8221;{}&#8221;][et_pb_column type=&#8221;4_4&#8243; _builder_version=&#8221;4.16&#8243; _module_preset=&#8221;default&#8221; global_colors_info=&#8221;{}&#8221;][et_pb_post_title meta=&#8221;off&#8221; featured_image=&#8221;off&#8221; _builder_version=&#8221;4.16&#8243; _module_preset=&#8221;default&#8221; title_text_align=&#8221;center&#8221; global_colors_info=&#8221;{}&#8221;][\/et_pb_post_title][et_pb_divider color=&#8221;#7D2248&#8243; divider_weight=&#8221;3px&#8221; _builder_version=&#8221;4.16&#8243; _module_preset=&#8221;default&#8221; width=&#8221;27em&#8221; module_alignment=&#8221;center&#8221; global_colors_info=&#8221;{}&#8221;][\/et_pb_divider][\/et_pb_column][\/et_pb_row][et_pb_row _builder_version=&#8221;4.27.4&#8243; _module_preset=&#8221;default&#8221; collapsed=&#8221;off&#8221; global_colors_info=&#8221;{}&#8221;][et_pb_column type=&#8221;4_4&#8243; _builder_version=&#8221;4.16&#8243; _module_preset=&#8221;default&#8221; global_colors_info=&#8221;{}&#8221;][et_pb_tabs _builder_version=&#8221;4.27.4&#8243; _module_preset=&#8221;default&#8221; hover_enabled=&#8221;0&#8243; global_colors_info=&#8221;{}&#8221; sticky_enabled=&#8221;0&#8243;][et_pb_tab title=&#8221;2025&#8243; _builder_version=&#8221;4.27.4&#8243; _module_preset=&#8221;default&#8221; global_colors_info=&#8221;{}&#8221;]<\/p>\n<table>\n<tbody>\n<tr>\n<td style=\"width: 166.25px;\"><\/td>\n<td style=\"width:17%;\">\n<a href=\"https:\/\/www.eapncv.org\/wp-content\/uploads\/RELATORIA-II-TROBADA-PARTICIPACIO-JUVENIL.pdf\" rel=\"attachment wp-att-1456\"><span style=\"font-size: 8em; color: #7D2248;\"><i class=\"far fa-file-alt\"><\/i><\/span><\/a><\/td>\n<td><a href=\"https:\/\/www.eapncv.org\/wp-content\/uploads\/RELATORIA-II-TROBADA-PARTICIPACIO-JUVENIL.pdf\" rel=\"attachment wp-att-1463\">RELATORIA VALENCI\u00c0: II TROBADA AUTON\u00d2MICA DE PARTICIPACI JUVENIL: RUMB A L&#8217;OCI SALUDABLE:JOVES EN L&#8217;ERA DIGITAL<\/a><\/td>\n<\/tr>\n<\/tbody>\n<\/table>\n<table>\n<tbody>\n<tr>\n<td style=\"width: 166.25px;\"><\/td>\n<td style=\"width:17%;\">\n<a href=\"https:\/\/www.eapncv.org\/wp-content\/uploads\/RELATORIA-II-ENCUENTRO-PARTICIPACION-JUVENIL.pdf\" rel=\"attachment wp-att-1456\"><span style=\"font-size: 8em; color: #7D2248;\"><i class=\"far fa-file-alt\"><\/i><\/span><\/a><\/td>\n<td><a href=\"https:\/\/www.eapncv.org\/wp-content\/uploads\/RELATORIA-II-ENCUENTRO-PARTICIPACION-JUVENIL.pdf\" rel=\"attachment wp-att-1463\"> RELATOR\u00cdA CASTELLANO: II ENCUENTRO DE PARTICIPACI\u00d3N JUVENIL. RUMB A L&#8217;OCI SALUDABLE: JOVES EN L&#8217;ERA DIGITAL  <\/a><\/td>\n<\/tr>\n<\/tbody>\n<\/table>\n<p>[\/et_pb_tab][et_pb_tab title=&#8221;2024&#8243; _builder_version=&#8221;4.27.4&#8243; _module_preset=&#8221;default&#8221; hover_enabled=&#8221;0&#8243; global_colors_info=&#8221;{}&#8221; sticky_enabled=&#8221;0&#8243;]<\/p>\n<table>\n<tbody>\n<tr>\n<td style=\"width: 166.25px;\"> <\/td>\n<td style=\"width: 850px;\">\n<a href=\"https:\/\/www.eapncv.org\/wp-content\/uploads\/I-ENCUENTRO-PROVINCIAL-DE-PARTICIPACION-ALICANTE.pdf\" rel=\"attachment wp-att-1463\">I ENCUENTRO PROVINCIAL DE PARTICIPACI\u00d3N DE EAPN CV \u201cALIANZAS EN LA LUCHA CONTRA LA POBREZA EN ALICANTE EN EL MARCO DE LOS ODS.<\/a><\/td>\n<\/tr>\n<\/tbody>\n<\/table>\n<table>\n<tbody>\n<tr>\n<td style=\"width: 17%;\"> <\/td>\n<td><a href=\"https:\/\/www.eapncv.org\/wp-content\/uploads\/I-ENCUENTRO-PROVINCIAL-DE-PARTICIPACION-DE-EAPN-CV-Alianzas-en-la-Lucha-contra-la-Pobreza-en-Castellon-en-el-marco-de-los-ODS.1.pdf\" rel=\"attachment wp-att-1463\">I ENCUENTRO PROVINCIAL DE PARTICIPACI\u00d3N DE EAPN CV \u201cALIANZAS EN LA LUCHA CONTRA LA POBREZA EN CASTELL\u00d3N EN EL MARCO DE LOS ODS\u201d. <\/a><\/td>\n<\/tr>\n<\/tbody>\n<\/table>\n<table>\n<tbody>\n<tr>\n<td style=\"width: 17%;\"> <\/td>\n<td><a href=\"https:\/\/www.eapncv.org\/wp-content\/uploads\/I-ENCUENTRO-PROVINCIAL-DE-PARTICIPACION-EN-VALENCIA-.pdf\" rel=\"attachment wp-att-1463\">I ENCUENTRO PROVINCIAL DE PARTICIPACI\u00d3N DE EAPN CV \u201cALIANZAS EN LA LUCHA CONTRA LA POBREZA EN VALENCIA EN EL MARCO DE LOS ODS\u201d. <\/a><\/td>\n<\/tr>\n<\/tbody>\n<\/table>\n<table>\n<tbody>\n<tr>\n<td style=\"width: 17%;\"> <\/td>\n<td><a href=\"https:\/\/www.eapncv.org\/wp-content\/uploads\/ENCUENTRO-JUVENIL-DE-PARTICIPACION-2024.pdf\" rel=\"attachment wp-att-1463\">ENCUENTRO ESTATAL DE PARTICIPACI\u00d3N JUVENIL : \u201cLOS DERECHOS DE LA JUVENTUD IMPORTAN\u201d. <\/a><\/td>\n<\/tr>\n<\/tbody>\n<\/table>\n<table>\n<tbody>\n<tr>\n<td style=\"width: 17%;\"> <\/td>\n<td><a href=\"https:\/\/www.eapncv.org\/wp-content\/uploads\/PROPOSTES-XVI-TROBADA-AUTONOMICA.pdf\" rel=\"attachment wp-att-1463\">XVI ENCUENTRO AUTON\u00d3MICO DE PARTICIPACI\u00d3N: \u201cCOMBATIR LA POBREZA INCORPORANDO EL ENFOQUE DE LAS PERSONAS QUE LA EXPERIMENTAN\u201d. <\/a><\/td>\n<\/tr>\n<\/tbody>\n<\/table>\n<table>\n<tbody>\n<tr>\n<td style=\"width: 17%;\"> <\/td>\n<td><a href=\"https:\/\/www.eapncv.org\/wp-content\/uploads\/TROBADA-JUVENIL-QUE-ES-OCI-SALUDABLE.pdf\" rel=\"attachment wp-att-1463\">I TROBADA AUTON\u00d2MICA JUVENIL: \u201cRUMB OCI SALUDABLE\u201d. <\/a><\/td>\n<\/tr>\n<\/tbody>\n<\/table>\n<p>[\/et_pb_tab][et_pb_tab title=&#8221;2023&#8243; _builder_version=&#8221;4.27.4&#8243; _module_preset=&#8221;default&#8221; global_colors_info=&#8221;{}&#8221;]<\/p>\n<table>\n<tbody>\n<tr>\n<td style=\"width: 166.25px;\"><\/td>\n<td style=\"width:17%;\">\n<a href=\"https:\/\/www.eapncv.org\/wp-content\/uploads\/EAPN-CV-LA-VEU-2023.pdf\" rel=\"attachment wp-att-1456\"><span style=\"font-size: 8em; color: #7D2248;\"><i class=\"far fa-file-alt\"><\/i><\/span><\/a><\/td>\n<td><a href=\"https:\/\/www.eapncv.org\/wp-content\/uploads\/EAPN-CV-LA-VEU-2023.pdf\" rel=\"attachment wp-att-1463\">XV ENCUENTRO AUTON\u00d3MICO DE PARTICIPACI\u00d3N: \u201cRETOS Y PRIORIDADES CONTRA LA POBREZA Y POR LA INCLUSI\u00d3N SOCIAL EN LA C. VALENCIANA DURANTE LA LEGISLATURA 23-27\u201d<\/a><\/td>\n<\/tr>\n<\/tbody>\n<\/table>\n<table>\n<tbody>\n<tr>\n<td style=\"width: 166.25px;\"><\/td>\n<td style=\"width:17%;\">\n<a href=\"https:\/\/www.eapncv.org\/wp-content\/uploads\/ENCUENTRO-JUVENIL-DE-PARTICIPACION-2023.pdf\" rel=\"attachment wp-att-1456\"><span style=\"font-size: 8em; color: #7D2248;\"><i class=\"far fa-file-alt\"><\/i><\/span><\/a><\/td>\n<td><a href=\"https:\/\/www.eapncv.org\/wp-content\/uploads\/ENCUENTRO-JUVENIL-DE-PARTICIPACION-2023.pdf\" rel=\"attachment wp-att-1463\">ENCUENTRO ESTATAL DE PARTICIPACI\u00d3N JUVENIL: \u201cREIVINDICANDO LOS DERECHOS DE LA JUVVENTUD\u201d <\/a><\/td>\n<\/tr>\n<\/tbody>\n<\/table>\n<p>[\/et_pb_tab][et_pb_tab title=&#8221;2022&#8243; _builder_version=&#8221;4.27.4&#8243; _module_preset=&#8221;default&#8221; custom_css_main_element=&#8221;||||&#8221; global_colors_info=&#8221;{}&#8221;]<\/p>\n<table>\n<tbody>\n<tr>\n<td style=\"width:17%;\">\n<a href=\"https:\/\/www.eapncv.org\/wp-content\/uploads\/DOC_LA_VEU_ENCUENTRO_PARTICIPACION.pdf\" rel=\"attachment wp-att-1456\"><span style=\"font-size: 8em; color: #7D2248;\"><i class=\"far fa-file-alt\"><\/i><\/span><\/a><\/td>\n<td><a href=\"https:\/\/www.eapncv.org\/wp-content\/uploads\/DOC_LA_VEU_ENCUENTRO_PARTICIPACION.pdf\" rel=\"attachment wp-att-1463\">XIV ENCUENTRO AUTON\u00d3MICO DE PARTICIPACI\u00d3N: \u201cAGENDA POR LA INCLUSI\u00d3N SOCIAL ANTE EL CONTEXTO ELECTORAL DE 2023\u201d.<\/a><\/td>\n<\/tr>\n<\/tbody>\n<\/table>\n<table>\n<tbody>\n<tr>\n<td style=\"width:17%;\">\n<a href=\"https:\/\/www.eapncv.org\/wp-content\/uploads\/RESUMEN-PROPUESTAS-JOVENES-PERIODO-19-21.docx.pdf\" rel=\"attachment wp-att-1456\"><span style=\"font-size: 8em; color: #7D2248;\"><i class=\"far fa-file-alt\"><\/i><\/span><\/a><\/td>\n<td><a href=\"https:\/\/www.eapncv.org\/wp-content\/uploads\/RESUMEN-PROPUESTAS-JOVENES-PERIODO-19-21.docx.pdf\" rel=\"attachment wp-att-1463\"> SEMINARIO ESTATAL DE PARTICIPACI\u00d3N JUVENIL: \u201cEL PRESENTE Y EL FUTURO DE LA JUVENTUD EN ESPA\u00d1A\u201d.<\/a><\/td>\n<\/tr>\n<\/tbody>\n<\/table>\n<p>[\/et_pb_tab][et_pb_tab title=&#8221;2021&#8243; _builder_version=&#8221;4.27.4&#8243; _module_preset=&#8221;default&#8221; custom_css_main_element=&#8221;||||&#8221; global_colors_info=&#8221;{}&#8221;]<\/p>\n<table>\n<tbody>\n<tr>\n<td style=\"width:17%;\">\n<a href=\"https:\/\/www.eapncv.org\/wp-content\/uploads\/Documento_Encuentro_Autono%CC%81mico_EAPNCV_21-Retos-y-prioridades-en-la-Reconstruccio%CC%81n-social-de-la-C-Valenciana..pdf\" rel=\"attachment wp-att-1456\"><span style=\"font-size: 8em; color: #7D2248;\"><i class=\"far fa-file-alt\"><\/i><\/span><\/a><\/td>\n<td><a href=\"https:\/\/www.eapncv.org\/wp-content\/uploads\/Documento_Encuentro_Autono%CC%81mico_EAPNCV_21-Retos-y-prioridades-en-la-Reconstruccio%CC%81n-social-de-la-C-Valenciana..pdf\" rel=\"attachment wp-att-1459\">XIII ENCUENTRO AUTON\u00d3MICO DE PARTICIPACI\u00d3N: \u201cRETOS Y PRIORIDADES EN LA RECONSTRUCCI\u00d3N SOCIAL DE LA C. VALENCIANA\u201d. <\/a><\/td>\n<\/tr>\n<\/tbody>\n<\/table>\n<table>\n<tbody>\n<tr>\n<td style=\"width:17%;\">\n<a href=\"https:\/\/www.eapncv.org\/wp-content\/uploads\/NECESIDADES-Y-PROPUESTAS-JO%CC%81VENES-ANTE-EL-IMPACTO-DE-LA-COVID-19-SEMINARIO-2021-VALENCIA.pdf\" rel=\"attachment wp-att-1456\"><span style=\"font-size: 8em; color: #7D2248;\"><i class=\"far fa-file-alt\"><\/i><\/span><\/a><\/td>\n<td><a href=\"https:\/\/www.eapncv.org\/wp-content\/uploads\/NECESIDADES-Y-PROPUESTAS-JO%CC%81VENES-ANTE-EL-IMPACTO-DE-LA-COVID-19-SEMINARIO-2021-VALENCIA.pdf\" rel=\"attachment wp-att-1460\">SEMINARIO ESTATAL DE PARTICIPACI\u00d3N JUVENIL: NECESIDADES Y PROPUESTAS JO\u0301VENES ANTE EL IMPACTO DE LA COVID-19.<\/a><\/td>\n<\/tr>\n<\/tbody>\n<\/table>\n<p>[\/et_pb_tab][et_pb_tab title=&#8221;2020&#8243; _builder_version=&#8221;4.27.4&#8243; _module_preset=&#8221;default&#8221; custom_css_main_element=&#8221;||||&#8221; global_colors_info=&#8221;{}&#8221;]<\/p>\n<table>\n<tbody>\n<tr>\n<td style=\"width:17%;\">\n<a href=\"http:\/\/www.eapncv.org\/wp-content\/uploads\/2020\/11\/CONCLUSIONES-ENCUENTRO-PARTICIPACIO%CC%81N-JO%CC%81VENES-2020.pdf\" rel=\"attachment wp-att-1459\"><span style=\"font-size: 8em; color: #7D2248;\"><i class=\"far fa-file-alt\"><\/i><\/span><\/a><\/td>\n<td><a href=\"http:\/\/www.eapncv.org\/wp-content\/uploads\/2020\/11\/CONCLUSIONES-ENCUENTRO-PARTICIPACIO%CC%81N-JO%CC%81VENES-2020.pdf\" rel=\"attachment wp-att-1459\">SEMINARIO ESTATAL DE PARTICIPACI\u00d3N JUVENIL: \u201cJUVENTUD FRENTE A LA COVID-19: RETOS Y PROPUESTAS POR LA INCLUSI\u00d3N\u201d <\/a><\/td>\n<\/tr>\n<\/tbody>\n<\/table>\n<table>\n<tbody>\n<tr>\n<td style=\"width:17%;\">\n<a href=\"http:\/\/www.eapncv.org\/wp-content\/uploads\/2020\/11\/ENCUENTRO-DE-PARTICIPACIO%CC%81N-2020.pdf\" rel=\"attachment wp-att-1463\"><br \/>\n<span style=\"font-size: 8em; color: #7D2248;\"><i class=\"far fa-file-alt\"><\/i><\/td>\n<p><\/a><\/p>\n<td><a href=\"http:\/\/www.eapncv.org\/wp-content\/uploads\/2020\/11\/ENCUENTRO-DE-PARTICIPACIO%CC%81N-2020.pdf\" rel=\"attachment wp-att-1463\">XII ENCUENTRO AUTON\u00d3MICO DE PARTICIPACI\u00d3N: \u201cIMPACTO SOCIAL DE LA COVID-19 Y PROPUESTAS DE ACTUACI\u00d3N DESDE LA EXPERIENCIA DE LAS PERSONAS EN SITUACI\u00d3N DE MAYOR VULNERABILIDAD EN LA C. VALENCIANA\u201d<\/a><\/td>\n<\/tr>\n<\/tbody>\n<\/table>\n<p>[\/et_pb_tab][et_pb_tab title=&#8221;2019&#8243; _builder_version=&#8221;4.27.4&#8243; _module_preset=&#8221;default&#8221; global_colors_info=&#8221;{}&#8221;]<\/p>\n<table>\n<tbody>\n<tr>\n<td style=\"width:17%;\">\n<a href=\"http:\/\/www.eapncv.org\/wp-content\/uploads\/2020\/11\/CONCLUSIONES-DEL-SEMINARIO-DE-PARTICIPACIO%CC%81N-DE-JO%CC%81VENES-2019.pdf\" rel=\"attachment wp-att-1458\"><span style=\"font-size: 8em; color: #7D2248;\"><i class=\"far fa-file-alt\"><\/i><\/span><\/a><\/td>\n<td><a href=\"http:\/\/www.eapncv.org\/wp-content\/uploads\/2020\/11\/CONCLUSIONES-DEL-SEMINARIO-DE-PARTICIPACIO%CC%81N-DE-JO%CC%81VENES-2019.pdf\" rel=\"attachment wp-att-1458\">SEMINARIO ESTATAL DE PARTICIPACI\u00d3N JUVENIL: \u201cDERECHOS SOCIALES, ACCESO AL MERCADO LABORAL Y G\u00c9NERO\u201d. <\/a><\/td>\n<\/tr>\n<\/tbody>\n<\/table>\n<table>\n<tbody>\n<tr>\n<td style=\"width:17%;\">\n<a href=\"http:\/\/www.eapncv.org\/wp-content\/uploads\/2020\/11\/ENCUENTRO-DE-PARTICIPACIO%CC%81N-2019.pdf\" rel=\"attachment wp-att-1462\"><span style=\"font-size: 8em; color: #7D2248;\"><i class=\"far fa-file-alt\"><\/i><\/span><\/a><\/td>\n<td><a href=\"http:\/\/www.eapncv.org\/wp-content\/uploads\/2020\/11\/ENCUENTRO-DE-PARTICIPACIO%CC%81N-2019.pdf\" rel=\"attachment wp-att-1462\">XII ENCUENTRO AUTON\u00d3MICO DE PARTICIPACI\u00d3N: \u201cRETOS Y PRIORIDADES CONTRA LA POBREZA Y LA EXCLUSI\u00d3N SOCIAL EN LA AGENDA 2019-2023 DE LA COMUNITAT VALENCIANA\u201d. <\/a><\/td>\n<\/tr>\n<\/tbody>\n<\/table>\n<p>[\/et_pb_tab][et_pb_tab title=&#8221;2018&#8243; _builder_version=&#8221;4.27.4&#8243; _module_preset=&#8221;default&#8221; global_colors_info=&#8221;{}&#8221;]<\/p>\n<table>\n<tbody>\n<tr>\n<td style=\"width:17%;\">\n<a href=\"http:\/\/www.eapncv.org\/wp-content\/uploads\/2020\/11\/CONCLUSIONES-DEL-SEMINARIO-DE-PARTICIPACIO%CC%81N-DE-JO%CC%81VENES-2018.pdf\" rel=\"attachment wp-att-1457\"><span style=\"font-size: 8em; color: #7D2248;\"><i class=\"far fa-file-alt\"><\/i><\/span><\/a><\/td>\n<td><a href=\"http:\/\/www.eapncv.org\/wp-content\/uploads\/2020\/11\/CONCLUSIONES-DEL-SEMINARIO-DE-PARTICIPACIO%CC%81N-DE-JO%CC%81VENES-2018.pdf\" rel=\"attachment wp-att-1457\">SEMINARIO ESTATAL DE PARTICIPACI\u00d3N JUVENIL: \u201cEL ACCESO DE LA JUVENTUD AL OCIO Y LA CULTURA COMO DERECHO PARA LA INCLUSI\u00d3N SOCIAL\u201d. <\/a><\/td>\n<\/tr>\n<\/tbody>\n<\/table>\n<table>\n<tbody>\n<tr>\n<td style=\"width:17%;\">\n<a href=\"http:\/\/www.eapncv.org\/wp-content\/uploads\/2020\/11\/ENCUENTRO-DE-PARTICIPACIO%CC%81N-2018.pdf\" rel=\"attachment wp-att-1461\"><span style=\"font-size: 8em; color: #7D2248;\"><i class=\"far fa-file-alt\"><\/i><\/span><\/a><\/td>\n<td><a href=\"http:\/\/www.eapncv.org\/wp-content\/uploads\/2020\/11\/ENCUENTRO-DE-PARTICIPACIO%CC%81N-2018.pdf\" rel=\"attachment wp-att-1461\">XI ENCUENTRO AUTON\u00d3MICO DE PARTICIPACI\u00d3N: \u201cPROPUESTAS Y MEDIDAS EN LA LUCHA CONTRA LA POBREZA Y EXCLUSI\u00d3N: VIVIENDA, EMPLEO DIGNO, SANIDAD, RENTAS, EDUCACI\u00d3N&#8221;.<\/a><\/td>\n<\/tr>\n<\/tbody>\n<\/table>\n<p>[\/et_pb_tab][\/et_pb_tabs][\/et_pb_column][\/et_pb_row][\/et_pb_section]<\/p>\n","protected":false},"excerpt":{"rendered":"<p>RELATORIA VALENCI\u00c0: II TROBADA AUTON\u00d2MICA DE PARTICIPACI JUVENIL: RUMB A L&#8217;OCI SALUDABLE:JOVES EN L&#8217;ERA DIGITAL RELATOR\u00cdA CASTELLANO: II ENCUENTRO DE PARTICIPACI\u00d3N JUVENIL. RUMB A L&#8217;OCI SALUDABLE: JOVES EN L&#8217;ERA DIGITAL I ENCUENTRO PROVINCIAL DE PARTICIPACI\u00d3N DE EAPN CV \u201cALIANZAS EN LA LUCHA CONTRA LA POBREZA EN ALICANTE EN EL MARCO DE LOS ODS. I ENCUENTRO [&hellip;]<\/p>\n","protected":false},"author":8,"featured_media":0,"parent":17586,"menu_order":2,"comment_status":"closed","ping_status":"closed","template":"","meta":{"_acf_changed":false,"_et_pb_use_builder":"on","_et_pb_old_content":"","_et_gb_content_width":"","footnotes":""},"class_list":["post-17574","page","type-page","status-publish","hentry"],"acf":[],"yoast_head":"<!-- This site is optimized with the Yoast SEO Premium plugin v24.5 (Yoast SEO v27.0) - https:\/\/yoast.com\/product\/yoast-seo-premium-wordpress\/ -->\n<title>TROBADES DE PARTICIPACI\u00d3 - EAPN CV<\/title>\n<meta name=\"robots\" content=\"index, follow, max-snippet:-1, max-image-preview:large, max-video-preview:-1\" \/>\n<link rel=\"canonical\" href=\"https:\/\/www.eapncv.org\/ca-val\/documents\/trobades-de-participacio\/\" \/>\n<meta property=\"og:locale\" content=\"en_US\" \/>\n<meta property=\"og:type\" content=\"article\" \/>\n<meta property=\"og:title\" content=\"TROBADES DE PARTICIPACI\u00d3\" \/>\n<meta property=\"og:description\" content=\"RELATORIA VALENCI\u00c0: II TROBADA AUTON\u00d2MICA DE PARTICIPACI JUVENIL: RUMB A L&#039;OCI SALUDABLE:JOVES EN L&#039;ERA DIGITAL RELATOR\u00cdA CASTELLANO: II ENCUENTRO DE PARTICIPACI\u00d3N JUVENIL. RUMB A L&#039;OCI SALUDABLE: JOVES EN L&#039;ERA DIGITAL I ENCUENTRO PROVINCIAL DE PARTICIPACI\u00d3N DE EAPN CV \u201cALIANZAS EN LA LUCHA CONTRA LA POBREZA EN ALICANTE EN EL MARCO DE LOS ODS. I ENCUENTRO [&hellip;]\" \/>\n<meta property=\"og:url\" content=\"https:\/\/www.eapncv.org\/ca-val\/documents\/trobades-de-participacio\/\" \/>\n<meta property=\"og:site_name\" content=\"EAPN CV\" \/>\n<meta property=\"article:publisher\" content=\"https:\/\/www.facebook.com\/EAPNCV\" \/>\n<meta property=\"article:modified_time\" content=\"2025-09-04T09:12:52+00:00\" \/>\n<meta name=\"twitter:card\" content=\"summary_large_image\" \/>\n<meta name=\"twitter:site\" content=\"@xarxaeapncv\" \/>\n<meta name=\"twitter:label1\" content=\"Est. reading time\" \/>\n\t<meta name=\"twitter:data1\" content=\"3 minutes\" \/>\n<script type=\"application\/ld+json\" class=\"yoast-schema-graph\">{\"@context\":\"https:\/\/schema.org\",\"@graph\":[{\"@type\":\"WebPage\",\"@id\":\"https:\/\/www.eapncv.org\/ca-val\/documents\/trobades-de-participacio\/\",\"url\":\"https:\/\/www.eapncv.org\/ca-val\/documents\/trobades-de-participacio\/\",\"name\":\"TROBADES DE PARTICIPACI\u00d3 - EAPN CV\",\"isPartOf\":{\"@id\":\"https:\/\/www.eapncv.org\/#website\"},\"datePublished\":\"2025-02-05T12:34:33+00:00\",\"dateModified\":\"2025-09-04T09:12:52+00:00\",\"breadcrumb\":{\"@id\":\"https:\/\/www.eapncv.org\/ca-val\/documents\/trobades-de-participacio\/#breadcrumb\"},\"inLanguage\":\"ca-val\",\"potentialAction\":[{\"@type\":\"ReadAction\",\"target\":[\"https:\/\/www.eapncv.org\/ca-val\/documents\/trobades-de-participacio\/\"]}]},{\"@type\":\"BreadcrumbList\",\"@id\":\"https:\/\/www.eapncv.org\/ca-val\/documents\/trobades-de-participacio\/#breadcrumb\",\"itemListElement\":[{\"@type\":\"ListItem\",\"position\":1,\"name\":\"Portada\",\"item\":\"https:\/\/www.eapncv.org\/ca-val\/\"},{\"@type\":\"ListItem\",\"position\":2,\"name\":\"DOCUMENTS\",\"item\":\"https:\/\/www.eapncv.org\/documents\/\"},{\"@type\":\"ListItem\",\"position\":3,\"name\":\"TROBADES DE PARTICIPACI\u00d3\"}]},{\"@type\":\"WebSite\",\"@id\":\"https:\/\/www.eapncv.org\/#website\",\"url\":\"https:\/\/www.eapncv.org\/\",\"name\":\"EAPN CV\",\"description\":\"European Antipoverty Network \/ Xarxa Europea de Lluita contra la Pobresa\",\"publisher\":{\"@id\":\"https:\/\/www.eapncv.org\/#organization\"},\"potentialAction\":[{\"@type\":\"SearchAction\",\"target\":{\"@type\":\"EntryPoint\",\"urlTemplate\":\"https:\/\/www.eapncv.org\/?s={search_term_string}\"},\"query-input\":{\"@type\":\"PropertyValueSpecification\",\"valueRequired\":true,\"valueName\":\"search_term_string\"}}],\"inLanguage\":\"ca-val\"},{\"@type\":\"Organization\",\"@id\":\"https:\/\/www.eapncv.org\/#organization\",\"name\":\"EAPN CV\",\"url\":\"https:\/\/www.eapncv.org\/\",\"logo\":{\"@type\":\"ImageObject\",\"inLanguage\":\"ca-val\",\"@id\":\"https:\/\/www.eapncv.org\/#\/schema\/logo\/image\/\",\"url\":\"https:\/\/www.eapncv.org\/wp-content\/uploads\/2020\/10\/logoeapnOK-2013.jpg\",\"contentUrl\":\"https:\/\/www.eapncv.org\/wp-content\/uploads\/2020\/10\/logoeapnOK-2013.jpg\",\"width\":793,\"height\":287,\"caption\":\"EAPN CV\"},\"image\":{\"@id\":\"https:\/\/www.eapncv.org\/#\/schema\/logo\/image\/\"},\"sameAs\":[\"https:\/\/www.facebook.com\/EAPNCV\",\"https:\/\/x.com\/xarxaeapncv\",\"https:\/\/es.linkedin.com\/company\/eapn-cv\"]}]}<\/script>\n<!-- \/ Yoast SEO Premium plugin. -->","yoast_head_json":{"title":"TROBADES DE PARTICIPACI\u00d3 - EAPN CV","robots":{"index":"index","follow":"follow","max-snippet":"max-snippet:-1","max-image-preview":"max-image-preview:large","max-video-preview":"max-video-preview:-1"},"canonical":"https:\/\/www.eapncv.org\/ca-val\/documents\/trobades-de-participacio\/","og_locale":"en_US","og_type":"article","og_title":"TROBADES DE PARTICIPACI\u00d3","og_description":"RELATORIA VALENCI\u00c0: II TROBADA AUTON\u00d2MICA DE PARTICIPACI JUVENIL: RUMB A L'OCI SALUDABLE:JOVES EN L'ERA DIGITAL RELATOR\u00cdA CASTELLANO: II ENCUENTRO DE PARTICIPACI\u00d3N JUVENIL. RUMB A L'OCI SALUDABLE: JOVES EN L'ERA DIGITAL I ENCUENTRO PROVINCIAL DE PARTICIPACI\u00d3N DE EAPN CV \u201cALIANZAS EN LA LUCHA CONTRA LA POBREZA EN ALICANTE EN EL MARCO DE LOS ODS. I ENCUENTRO [&hellip;]","og_url":"https:\/\/www.eapncv.org\/ca-val\/documents\/trobades-de-participacio\/","og_site_name":"EAPN CV","article_publisher":"https:\/\/www.facebook.com\/EAPNCV","article_modified_time":"2025-09-04T09:12:52+00:00","twitter_card":"summary_large_image","twitter_site":"@xarxaeapncv","twitter_misc":{"Est. reading time":"3 minutes"},"schema":{"@context":"https:\/\/schema.org","@graph":[{"@type":"WebPage","@id":"https:\/\/www.eapncv.org\/ca-val\/documents\/trobades-de-participacio\/","url":"https:\/\/www.eapncv.org\/ca-val\/documents\/trobades-de-participacio\/","name":"TROBADES DE PARTICIPACI\u00d3 - EAPN CV","isPartOf":{"@id":"https:\/\/www.eapncv.org\/#website"},"datePublished":"2025-02-05T12:34:33+00:00","dateModified":"2025-09-04T09:12:52+00:00","breadcrumb":{"@id":"https:\/\/www.eapncv.org\/ca-val\/documents\/trobades-de-participacio\/#breadcrumb"},"inLanguage":"ca-val","potentialAction":[{"@type":"ReadAction","target":["https:\/\/www.eapncv.org\/ca-val\/documents\/trobades-de-participacio\/"]}]},{"@type":"BreadcrumbList","@id":"https:\/\/www.eapncv.org\/ca-val\/documents\/trobades-de-participacio\/#breadcrumb","itemListElement":[{"@type":"ListItem","position":1,"name":"Portada","item":"https:\/\/www.eapncv.org\/ca-val\/"},{"@type":"ListItem","position":2,"name":"DOCUMENTS","item":"https:\/\/www.eapncv.org\/documents\/"},{"@type":"ListItem","position":3,"name":"TROBADES DE PARTICIPACI\u00d3"}]},{"@type":"WebSite","@id":"https:\/\/www.eapncv.org\/#website","url":"https:\/\/www.eapncv.org\/","name":"EAPN CV","description":"European Antipoverty Network \/ Xarxa Europea de Lluita contra la Pobresa","publisher":{"@id":"https:\/\/www.eapncv.org\/#organization"},"potentialAction":[{"@type":"SearchAction","target":{"@type":"EntryPoint","urlTemplate":"https:\/\/www.eapncv.org\/?s={search_term_string}"},"query-input":{"@type":"PropertyValueSpecification","valueRequired":true,"valueName":"search_term_string"}}],"inLanguage":"ca-val"},{"@type":"Organization","@id":"https:\/\/www.eapncv.org\/#organization","name":"EAPN CV","url":"https:\/\/www.eapncv.org\/","logo":{"@type":"ImageObject","inLanguage":"ca-val","@id":"https:\/\/www.eapncv.org\/#\/schema\/logo\/image\/","url":"https:\/\/www.eapncv.org\/wp-content\/uploads\/2020\/10\/logoeapnOK-2013.jpg","contentUrl":"https:\/\/www.eapncv.org\/wp-content\/uploads\/2020\/10\/logoeapnOK-2013.jpg","width":793,"height":287,"caption":"EAPN CV"},"image":{"@id":"https:\/\/www.eapncv.org\/#\/schema\/logo\/image\/"},"sameAs":["https:\/\/www.facebook.com\/EAPNCV","https:\/\/x.com\/xarxaeapncv","https:\/\/es.linkedin.com\/company\/eapn-cv"]}]}},"_links":{"self":[{"href":"https:\/\/www.eapncv.org\/ca-val\/wp-json\/wp\/v2\/pages\/17574","targetHints":{"allow":["GET"]}}],"collection":[{"href":"https:\/\/www.eapncv.org\/ca-val\/wp-json\/wp\/v2\/pages"}],"about":[{"href":"https:\/\/www.eapncv.org\/ca-val\/wp-json\/wp\/v2\/types\/page"}],"author":[{"embeddable":true,"href":"https:\/\/www.eapncv.org\/ca-val\/wp-json\/wp\/v2\/users\/8"}],"replies":[{"embeddable":true,"href":"https:\/\/www.eapncv.org\/ca-val\/wp-json\/wp\/v2\/comments?post=17574"}],"version-history":[{"count":2,"href":"https:\/\/www.eapncv.org\/ca-val\/wp-json\/wp\/v2\/pages\/17574\/revisions"}],"predecessor-version":[{"id":17576,"href":"https:\/\/www.eapncv.org\/ca-val\/wp-json\/wp\/v2\/pages\/17574\/revisions\/17576"}],"up":[{"embeddable":true,"href":"https:\/\/www.eapncv.org\/ca-val\/wp-json\/wp\/v2\/pages\/17586"}],"wp:attachment":[{"href":"https:\/\/www.eapncv.org\/ca-val\/wp-json\/wp\/v2\/media?parent=17574"}],"curies":[{"name":"wp","href":"https:\/\/api.w.org\/{rel}","templated":true}]}}